{"id":561,"date":"2020-04-01T21:57:32","date_gmt":"2020-04-01T21:57:32","guid":{"rendered":"http:\/\/weingut-ziereisen.de\/?page_id=561"},"modified":"2021-03-07T16:36:38","modified_gmt":"2021-03-07T16:36:38","slug":"philosophie","status":"publish","type":"page","link":"https:\/\/weingut-ziereisen.de\/?page_id=561","title":{"rendered":"Philosophie"},"content":{"rendered":"<div id='av_section_1'  class='avia-section main_color avia-section-default avia-no-border-styling  av-parallax-section avia-bg-style-parallax  avia-builder-el-0  el_before_av_section  avia-builder-el-first   av-minimum-height av-minimum-height-100  container_wrap sidebar_right' style=' '  data-section-bg-repeat='no-repeat' data-av_minimum_height_pc='100'><div class='av-parallax' data-avia-parallax-ratio='0.3' ><div class='av-parallax-inner main_color  avia-full-stretch' style = 'background-repeat: no-repeat; background-image: url(https:\/\/weingut-ziereisen.de\/wp-content\/uploads\/2021\/03\/fuerphilosophie-00-NEU.jpg);background-attachment: scroll; background-position: center left; ' ><\/div><\/div><div class='av-section-color-overlay-wrap'><a href='#next-section' title='' class='scroll-down-link  av-custom-scroll-down-color' style='color: #de5063;' aria-hidden='true' data-av_icon='\ue877' data-av_iconfont='entypo-fontello'><\/a><div class='container' ><main  role=\"main\" itemprop=\"mainContentOfPage\"  class='template-page content  av-content-small alpha units'><div class='post-entry post-entry-type-page post-entry-561'><div class='entry-content-wrapper clearfix'>\n<\/div><\/div><\/main><!-- close content main element --><\/div><\/div><\/div><div id='av_section_2'  class='avia-section main_color avia-section-default avia-no-border-styling  avia-bg-style-scroll  avia-builder-el-1  el_after_av_section  el_before_av_section   container_wrap sidebar_right' style=' '  ><div class='container' ><div class='template-page content  av-content-small alpha units'><div class='post-entry post-entry-type-page post-entry-561'><div class='entry-content-wrapper clearfix'>\n<div class=\"flex_column av_one_fifth  flex_column_div first  avia-builder-el-2  el_before_av_three_fifth  avia-builder-el-first  \" ><\/div><div class=\"flex_column av_three_fifth  flex_column_div   avia-builder-el-3  el_after_av_one_fifth  el_before_av_one_fifth  \" ><div  style='padding-bottom:10px; font-size:40px;' class='av-special-heading av-special-heading-h1  blockquote modern-quote modern-centered  avia-builder-el-4  avia-builder-el-no-sibling  av-thin-font av-inherit-size '><h1 class='av-special-heading-tag '  itemprop=\"headline\"  >Unsere <strong>Philosophie<\/strong><\/h1><div class='special-heading-border'><div class='special-heading-inner-border' ><\/div><\/div><\/div><\/div><div class=\"flex_column av_one_fifth  flex_column_div   avia-builder-el-5  el_after_av_three_fifth  el_before_av_hr  \" ><\/div><div  style=' margin-top:70px; margin-bottom:70px;'  class='hr hr-custom hr-center hr-icon-no   avia-builder-el-6  el_after_av_one_fifth  el_before_av_one_fifth '><span class='hr-inner  inner-border-av-border-fat' style=' width:50px; border-color:#000000;' ><span class='hr-inner-style'><\/span><\/span><\/div>\n<div class=\"flex_column av_one_fifth  flex_column_div first  avia-builder-el-7  el_after_av_hr  el_before_av_three_fifth  \" ><\/div><div class=\"flex_column av_three_fifth  flex_column_div   avia-builder-el-8  el_after_av_one_fifth  el_before_av_one_fifth  \" ><section class=\"av_textblock_section \"  itemscope=\"itemscope\" itemtype=\"https:\/\/schema.org\/CreativeWork\" ><div class='avia_textblock  '   itemprop=\"text\" ><p>Zeit und Handwerk sind die beiden Begriffe, die unsere Arbeit am meisten pr\u00e4gen \u2013 und die wichtigsten Faktoren f\u00fcr die Qualit\u00e4t unserer Weine.<\/p>\n<p>\u201eQualit\u00e4t entsteht im Weinberg\u201c ist zwar eine Binsenweisheit \u2013 allerdings eine, die wir zu 100 Prozent unterschreiben. Um Weine entstehen zu lassen, wie sie uns vorschweben \u2013 wiedererkennbar, charaktervoll, markant, dabei aber trotzdem mit viel Trinkvergn\u00fcgen ausgestattet \u2013 braucht es keine Orgien bei der Kellerarbeit, sondern vor allem viel Gesp\u00fcr, Erfahrung und (Hand-) Arbeit im Umgang mit den Reben. Im Weinberg arbeiten wir naturnah und nachhaltig. Um die Individualit\u00e4t unserer Weine zu unterst\u00fctzen, verg\u00e4ren wir sie ausnahmslos spontan, verzichten auf kellertechnische Eingriffe, lassen ihnen die Reifezeit, die sie brauchen, und f\u00fcllen den \u00fcberwiegenden Teil ohne Filtration ab.<\/p>\n<\/div><\/section><\/div><div class=\"flex_column av_one_fifth  flex_column_div   avia-builder-el-10  el_after_av_three_fifth  avia-builder-el-last  \" ><\/div>\n\n<\/div><\/div><\/div><!-- close content main div --><\/div><\/div><div id='av_section_3'  class='avia-section main_color avia-section-large avia-no-border-styling  avia-full-stretch av-parallax-section av-section-color-overlay-active avia-bg-style-parallax  avia-builder-el-11  el_after_av_section  el_before_av_one_fifth   av-minimum-height av-minimum-height-75  container_wrap sidebar_right' style='background-color: #f8f8f8;  '  data-section-bg-repeat='stretch' data-av_minimum_height_pc='75'><div class='av-parallax' data-avia-parallax-ratio='0.3' ><div class='av-parallax-inner main_color  avia-full-stretch' style = 'background-color: #f8f8f8; background-repeat: no-repeat; background-image: url(https:\/\/weingut-ziereisen.de\/wp-content\/uploads\/2020\/04\/fuerphilosophie-01-1.jpg);background-attachment: scroll; background-position: center left; ' ><\/div><\/div><div class='av-section-color-overlay-wrap'><div class='av-section-color-overlay' style='opacity: 0.3; background-color: #ffffff; '><\/div><div class='container' ><div class='template-page content  av-content-small alpha units'><div class='post-entry post-entry-type-page post-entry-561'><div class='entry-content-wrapper clearfix'>\n<div class=\"flex_column av_three_fifth  flex_column_div first  avia-builder-el-12  el_before_av_two_fifth  avia-builder-el-first  \" ><\/div><div class=\"flex_column av_two_fifth  flex_column_div   avia-builder-el-13  el_after_av_three_fifth  avia-builder-el-last  \" ><section class=\"av_textblock_section \"  itemscope=\"itemscope\" itemtype=\"https:\/\/schema.org\/CreativeWork\" ><div class='avia_textblock  '   itemprop=\"text\" ><p><strong>Handarbeit\u2026<\/strong><\/p>\n<p>\u2026ist eine der Grundlagen des Handwerks \u2013 und der wichtigste Faktor unserer Arbeit im Weinberg. Nur so bekommen wir die Verfassung unseres Bodens und unserer Reben mit, und nur so k\u00f6nnen wir ihren unterschiedlichen Anspr\u00fcchen gerecht werden. Nahezu alle Arbeiten am Stock verrichten wir per Handarbeit \u2013 nat\u00fcrlich auch die Lese. Die Handarbeit setzt sich nach der Lese fort, wenn wir alle unsere roten Beeren und auch einen Teil der wei\u00dfen auf einem Sortiertisch zum zweiten Mal selektieren. Denn nur gesunde, reife Beeren garantieren eine gelungene Spontanverg\u00e4rung &#8211; wie wir sie pflegen &#8211; und liefern eine komplexe Aromatik.<\/p>\n<\/div><\/section><\/div>\n<\/div><\/div><\/div><!-- close content main div --><\/div><\/div><\/div><div id='after_section_3'  class='main_color av_default_container_wrap container_wrap sidebar_right' style=' '  ><div class='container' ><div class='template-page content  av-content-small alpha units'><div class='post-entry post-entry-type-page post-entry-561'><div class='entry-content-wrapper clearfix'>\n<div class=\"flex_column av_one_fifth  flex_column_div av-zero-column-padding first  avia-builder-el-15  el_after_av_section  el_before_av_three_fifth  avia-builder-el-first  \" style='border-radius:0px; '><\/div>\n<div class=\"flex_column av_three_fifth  flex_column_div av-zero-column-padding   avia-builder-el-16  el_after_av_one_fifth  el_before_av_one_fifth  \" style='border-radius:0px; '><section class=\"av_textblock_section \"  itemscope=\"itemscope\" itemtype=\"https:\/\/schema.org\/CreativeWork\" ><div class='avia_textblock  '   itemprop=\"text\" ><p><strong>Handwerkskunst\u2026<\/strong><\/p>\n<p>\u2026ist unser Schl\u00fcssel f\u00fcr gro\u00dfe Weine. Und es ist tats\u00e4chlich eine Kunst, die Vorg\u00e4nge im Weinberg zu verstehen, Boden und Reben mit teils aufw\u00e4ndiger Arbeit ins Gleichgewicht zu bringen. Die Kunst setzt sich bei der Auswahl des richtigen Lesezeitpunktes fort, bei der Verg\u00e4rung, eventueller Mazeration und, und, und. Das geht nur mit jeder Menge Erfahrung und Wissen um die komplexen Stellschrauben bei der Weinbereitung. Handwerkskunst setzt sich bei uns \u00fcbrigens auch im Keller fort. Seit Jahren beziehen wir unsere neuen F\u00e4sser bei der B\u00fcttnerei von Andreas Assmann, einem der letzten handwerklich arbeitenden Fassmacher in Deutschland.<\/p>\n<\/div><\/section><\/div>\n<div class=\"flex_column av_one_fifth  flex_column_div av-zero-column-padding   avia-builder-el-18  el_after_av_three_fifth  el_before_av_section  avia-builder-el-last  \" style='border-radius:0px; '><\/div>\n<\/div><\/div><\/div><!-- close content main div --><\/div><\/div><div id='av_section_4'  class='avia-section main_color avia-section-large avia-no-border-styling  avia-full-stretch av-parallax-section av-section-color-overlay-active avia-bg-style-parallax  avia-builder-el-19  el_after_av_one_fifth  el_before_av_one_fifth   av-minimum-height av-minimum-height-75  container_wrap sidebar_right' style='background-color: #f8f8f8;  '  data-section-bg-repeat='stretch' data-av_minimum_height_pc='75'><div class='av-parallax' data-avia-parallax-ratio='0.3' ><div class='av-parallax-inner main_color  avia-full-stretch' style = 'background-color: #f8f8f8; background-repeat: no-repeat; background-image: url(https:\/\/weingut-ziereisen.de\/wp-content\/uploads\/2020\/04\/fuerphilosophie-02-1.jpg);background-attachment: scroll; background-position: top left; ' ><\/div><\/div><div class='av-section-color-overlay-wrap'><div class='av-section-color-overlay' style='opacity: 0.3; background-color: #ffffff; '><\/div><div class='container' ><div class='template-page content  av-content-small alpha units'><div class='post-entry post-entry-type-page post-entry-561'><div class='entry-content-wrapper clearfix'>\n<div class=\"flex_column av_three_fifth  flex_column_div first  avia-builder-el-20  el_before_av_two_fifth  avia-builder-el-first  \" ><\/div><div class=\"flex_column av_two_fifth  flex_column_div   avia-builder-el-21  el_after_av_three_fifth  avia-builder-el-last  \" ><section class=\"av_textblock_section \"  itemscope=\"itemscope\" itemtype=\"https:\/\/schema.org\/CreativeWork\" ><div class='avia_textblock  '   itemprop=\"text\" ><p><strong>Charakter\u2026<\/p>\n<p><\/strong>\u2026haben unsere Weine alle. Allerdings einen f\u00fcr manche Nasen und Gaumen ungewohnten. Sie pr\u00e4sentieren sich zun\u00e4chst eher verhalten im Bukett. In Mundgef\u00fchl und Geschmack aber zeigen die Weine eine komplexe Textur und eine vielschichtige, oft langanhaltende Aromatik. Wir legen au\u00dferdem Wert auf \u201ek\u00fchle\u201c Weine mit moderaten Alkoholwerten. Deshalb verzichten wir seit einigen Jahren auf eine Chaptalisation.<\/p>\n<\/div><\/section><\/div>\n<\/div><\/div><\/div><!-- close content main div --><\/div><\/div><\/div><div id='after_section_4'  class='main_color av_default_container_wrap container_wrap sidebar_right' style=' '  ><div class='container' ><div class='template-page content  av-content-small alpha units'><div class='post-entry post-entry-type-page post-entry-561'><div class='entry-content-wrapper clearfix'>\n<div class=\"flex_column av_one_fifth  flex_column_div av-zero-column-padding first  avia-builder-el-23  el_after_av_section  el_before_av_three_fifth  avia-builder-el-first  \" style='border-radius:0px; '><\/div>\n<div class=\"flex_column av_three_fifth  flex_column_div av-zero-column-padding   avia-builder-el-24  el_after_av_one_fifth  el_before_av_one_fifth  \" style='border-radius:0px; '><section class=\"av_textblock_section \"  itemscope=\"itemscope\" itemtype=\"https:\/\/schema.org\/CreativeWork\" ><div class='avia_textblock  '   itemprop=\"text\" ><p><strong>Zeit\u2026<\/p>\n<p><\/strong>\u2026kommt unserer Meinung nach in der modernen Weinbereitung viel zu kurz. Gerade spontan vergorene Weine ben\u00f6tigen \u201eihre\u201c Zeit, bis sie durchgegoren und sp\u00e4ter dann zu ihrer besten Qualit\u00e4t gereift sind. Unsere Weine d\u00fcrfen g\u00e4ren, solange sie eben brauchen, liegen bis zu 24 Monate auf der Hefe und d\u00fcrfen sich teilweise auch nach der Abf\u00fcllung noch weiter harmonisieren, ehe sie in den Verkauf kommen.<\/p>\n<\/div><\/section><\/div>\n<div class=\"flex_column av_one_fifth  flex_column_div av-zero-column-padding   avia-builder-el-26  el_after_av_three_fifth  el_before_av_section  avia-builder-el-last  \" style='border-radius:0px; '><\/div>\n<\/div><\/div><\/div><!-- close content main div --><\/div><\/div><div id='av_section_5'  class='avia-section main_color avia-section-large avia-no-border-styling  avia-full-stretch av-parallax-section av-section-color-overlay-active avia-bg-style-parallax  avia-builder-el-27  el_after_av_one_fifth  el_before_av_section   av-minimum-height av-minimum-height-75  container_wrap sidebar_right' style='background-color: #f8f8f8;  '  data-section-bg-repeat='stretch' data-av_minimum_height_pc='75'><div class='av-parallax' data-avia-parallax-ratio='0.3' ><div class='av-parallax-inner main_color  avia-full-stretch' style = 'background-color: #f8f8f8; background-repeat: no-repeat; background-image: url(https:\/\/weingut-ziereisen.de\/wp-content\/uploads\/2020\/04\/fuerphilosophie-03-1-1030x687.jpg);background-attachment: scroll; background-position: center center; ' ><\/div><\/div><div class='av-section-color-overlay-wrap'><div class='av-section-color-overlay' style='opacity: 0.3; background-color: #ffffff; '><\/div><div class='container' ><div class='template-page content  av-content-small alpha units'><div class='post-entry post-entry-type-page post-entry-561'><div class='entry-content-wrapper clearfix'>\n<div class=\"flex_column av_three_fifth  flex_column_div first  avia-builder-el-28  el_before_av_two_fifth  avia-builder-el-first  \" ><\/div><div class=\"flex_column av_two_fifth  flex_column_div   avia-builder-el-29  el_after_av_three_fifth  avia-builder-el-last  \" ><section class=\"av_textblock_section \"  itemscope=\"itemscope\" itemtype=\"https:\/\/schema.org\/CreativeWork\" ><div class='avia_textblock  '   itemprop=\"text\" ><p><strong>Unsere Weinberge\u2026<\/p>\n<p><\/strong>\u2026liegen gr\u00f6\u00dftenteils im Efringer \u00d6lberg. Zwei wichtige Kriterien zeichnen diese Lage aus: Die B\u00f6den sind aus Jurakalk &#8211; vergleichbar denen des Burgund \u2013 mit unterschiedlich dicken L\u00f6ssauflagen und Eisenanteilen. Dieser Boden gibt den Weinen eine gewisse K\u00fchle und Finesse. Zweiter Trumpf ist das von der Burgundischen Pforte gepr\u00e4gte Klima, denn Efringen-Kirchen befindet sich direkt gegen\u00fcber dem Einlasstor zwischen den Vogesen und dem Jura. Dadurch weht mediterrane Luft bis ins Oberrheintal und die Niederschlagswerte sind deutlich geringer als im \u00fcbrigen Markgr\u00e4fler Land. Bestockt sind unsere Weinberge haupts\u00e4chlich mit Sp\u00e4tburgunder und Gutedel, auf weiteren Fl\u00e4chen stehen Wei\u00df- und Grauburgunder, Chardonnay, Muskat, Gew\u00fcrztraminer oder Syrah.<\/p>\n<\/div><\/section><\/div>\n\n<\/div><\/div><\/div><!-- close content main div --><\/div><\/div><\/div><div id='av_section_6'  class='avia-section main_color avia-section-large avia-no-border-styling  avia-full-stretch av-parallax-section av-section-color-overlay-active avia-bg-style-parallax  avia-builder-el-31  el_after_av_section  el_before_av_one_fifth   av-minimum-height av-minimum-height-75  container_wrap sidebar_right' style='background-color: #f8f8f8;  '  data-section-bg-repeat='stretch' data-av_minimum_height_pc='75'><div class='av-parallax' data-avia-parallax-ratio='0.3' ><div class='av-parallax-inner main_color  avia-full-stretch' style = 'background-color: #f8f8f8; background-repeat: no-repeat; background-image: url(https:\/\/weingut-ziereisen.de\/wp-content\/uploads\/2020\/04\/fuerphilosophie-04-1-300x200.jpg);background-attachment: scroll; background-position: top center; ' ><\/div><\/div><div class='av-section-color-overlay-wrap'><div class='av-section-color-overlay' style='opacity: 0.3; background-color: #ffffff; '><\/div><div class='container' ><div class='template-page content  av-content-small alpha units'><div class='post-entry post-entry-type-page post-entry-561'><div class='entry-content-wrapper clearfix'>\n<div class=\"flex_column av_two_fifth  flex_column_div first  avia-builder-el-32  el_before_av_three_fifth  avia-builder-el-first  \" ><section class=\"av_textblock_section \"  itemscope=\"itemscope\" itemtype=\"https:\/\/schema.org\/CreativeWork\" ><div class='avia_textblock  '   itemprop=\"text\" ><p><strong>Im Keller\u2026<\/p>\n<p><\/strong>\u2026besteht unsere wichtigste Aufgabe darin, die Weine zu begleiten. Wir versuchen, so wenig wie m\u00f6glich in die Weinreifung einzugreifen, um den individuellen Lagen- und Jahrgangscharakter nicht zu verf\u00e4lschen. Unsere Weine reifen ausschlie\u00dflich in Holzf\u00e4ssern von 225 bis 4.000 Litern. Erst kurz vor der Abf\u00fcllung werden die Weine ma\u00dfvoll geschwefelt, um dann ungesch\u00f6nt und \u00fcberwiegend auch unfiltriert auf die Flasche zu kommen.<\/p>\n<\/div><\/section><\/div><div class=\"flex_column av_three_fifth  flex_column_div   avia-builder-el-34  el_after_av_two_fifth  avia-builder-el-last  \" ><\/div>\n<\/div><\/div><\/div><!-- close content main div --><\/div><\/div><\/div><div id='after_section_6'  class='main_color av_default_container_wrap container_wrap sidebar_right' style=' '  ><div class='container' ><div class='template-page content  av-content-small alpha units'><div class='post-entry post-entry-type-page post-entry-561'><div class='entry-content-wrapper clearfix'>\n<div class=\"flex_column av_one_fifth  flex_column_div av-zero-column-padding first  avia-builder-el-35  el_after_av_section  el_before_av_three_fifth  avia-builder-el-first  \" style='border-radius:0px; '><\/div>\n<div class=\"flex_column av_three_fifth  flex_column_div av-zero-column-padding   avia-builder-el-36  el_after_av_one_fifth  el_before_av_one_fifth  \" style='border-radius:0px; '><section class=\"av_textblock_section \"  itemscope=\"itemscope\" itemtype=\"https:\/\/schema.org\/CreativeWork\" ><div class='avia_textblock  '   itemprop=\"text\" ><p><strong>Landwein\u2026<\/p>\n<p><\/strong>\u2026 ist unser aktuelles Verst\u00e4ndnis von individueller Qualit\u00e4t. Nachdem wir wegen des \u201eanderen\u201c Charakters unserer Weine mehrfach mit den Anforderungen der AP-Pr\u00fcfung kollidiert sind, haben wir uns 2006 entschieden, alle unsere Weine als Landweine zu vermarkten. Das l\u00e4sst unseren Weinen den n\u00f6tigen Spielraum, sich zu eigenst\u00e4ndigen Weinpers\u00f6nlichkeiten zu entwickeln und nicht im Keller zu normierten Tropfen glattgeschliffen zu werden.<\/p>\n<\/div><\/section><\/div>\n<div class=\"flex_column av_one_fifth  flex_column_div av-zero-column-padding   avia-builder-el-38  el_after_av_three_fifth  el_before_av_section  avia-builder-el-last  \" style='border-radius:0px; '><\/div>\n<\/div><\/div><\/div><!-- close content main div --><\/div><\/div><div id='av_section_7'  class='avia-section main_color avia-section-large avia-no-border-styling  avia-full-stretch av-parallax-section avia-bg-style-parallax  avia-builder-el-39  el_after_av_one_fifth  avia-builder-el-last   av-minimum-height av-minimum-height-75  container_wrap sidebar_right' style='background-color: #f8f8f8;  '  data-section-bg-repeat='stretch' data-av_minimum_height_pc='75'><div class='av-parallax' data-avia-parallax-ratio='0.3' ><div class='av-parallax-inner main_color  avia-full-stretch' style = 'background-color: #f8f8f8; background-repeat: no-repeat; background-image: url(https:\/\/weingut-ziereisen.de\/wp-content\/uploads\/2020\/04\/fuerphilosophie-05-1030x687.jpg);background-attachment: scroll; background-position: center center; ' ><\/div><\/div><div class='container' ><div class='template-page content  av-content-small alpha units'><div class='post-entry post-entry-type-page post-entry-561'><div class='entry-content-wrapper clearfix'><\/div><\/div><\/div><!-- close content main div --><\/div><\/div><div id='after_section_7'  class='main_color av_default_container_wrap container_wrap sidebar_right' style=' '  ><div class='container' ><div class='template-page content  av-content-small alpha units'><div class='post-entry post-entry-type-page post-entry-561'><div class='entry-content-wrapper clearfix'>\n","protected":false},"excerpt":{"rendered":"","protected":false},"author":1,"featured_media":0,"parent":0,"menu_order":0,"comment_status":"closed","ping_status":"closed","template":"","meta":{"footnotes":""},"class_list":["post-561","page","type-page","status-publish","hentry"],"_links":{"self":[{"href":"https:\/\/weingut-ziereisen.de\/index.php?rest_route=\/wp\/v2\/pages\/561","targetHints":{"allow":["GET"]}}],"collection":[{"href":"https:\/\/weingut-ziereisen.de\/index.php?rest_route=\/wp\/v2\/pages"}],"about":[{"href":"https:\/\/weingut-ziereisen.de\/index.php?rest_route=\/wp\/v2\/types\/page"}],"author":[{"embeddable":true,"href":"https:\/\/weingut-ziereisen.de\/index.php?rest_route=\/wp\/v2\/users\/1"}],"replies":[{"embeddable":true,"href":"https:\/\/weingut-ziereisen.de\/index.php?rest_route=%2Fwp%2Fv2%2Fcomments&post=561"}],"version-history":[{"count":27,"href":"https:\/\/weingut-ziereisen.de\/index.php?rest_route=\/wp\/v2\/pages\/561\/revisions"}],"predecessor-version":[{"id":951,"href":"https:\/\/weingut-ziereisen.de\/index.php?rest_route=\/wp\/v2\/pages\/561\/revisions\/951"}],"wp:attachment":[{"href":"https:\/\/weingut-ziereisen.de\/index.php?rest_route=%2Fwp%2Fv2%2Fmedia&parent=561"}],"curies":[{"name":"wp","href":"https:\/\/api.w.org\/{rel}","templated":true}]}}